{"id":11226,"date":"2026-04-27T08:00:02","date_gmt":"2026-04-27T06:00:02","guid":{"rendered":"https:\/\/www.noegel.de\/?post_type=job_listing&#038;p=11226"},"modified":"2026-04-27T08:00:02","modified_gmt":"2026-04-27T06:00:02","slug":"ausbildung-2025-kaufmann-frau-fuer-gross-und-aussenhandelsmanagement","status":"publish","type":"job_listing","link":"https:\/\/www.noegel.de\/en\/job\/ausbildung-2025-kaufmann-frau-fuer-gross-und-aussenhandelsmanagement\/","title":{"rendered":"Ausbildung 2026: Kaufmann\/-frau f\u00fcr Gro\u00df- und Au\u00dfenhandelsmanagement"},"content":{"rendered":"<div class=\"wpb-content-wrapper\">[vc_row full_width=&#8221;stretch_row_content_no_spaces&#8221; el_class=&#8221;job-mobil&#8221;][vc_column][vc_single_image image=&#8221;12406&#8243; img_size=&#8221;full&#8221; alignment=&#8221;center&#8221; css=&#8221;&#8221;][\/vc_column][\/vc_row][vc_row full_width=&#8221;stretch_row_content_no_spaces&#8221; el_class=&#8221;job-pc&#8221;][vc_column][vc_single_image image=&#8221;12407&#8243; img_size=&#8221;full&#8221; alignment=&#8221;center&#8221; css=&#8221;&#8221;][\/vc_column][\/vc_row][vc_row][vc_column][vc_column_text css=&#8221;&#8221;]Wir suchen zum 01.08.2026 Auszubildende (m\/w\/d) als:<\/p>\n<h1 class=\"title title--page title--left\">Kaufmann\/-frau f\u00fcr Gro\u00df- und Au\u00dfenhandelsmanagement (m\/w\/d)<\/h1>\n[\/vc_column_text][\/vc_column][\/vc_row][vc_row][vc_column width=&#8221;1\/2&#8243;][vc_text_separator title=&#8221;Deine Aufgaben&#8221; title_align=&#8221;separator_align_left&#8221; align=&#8221;align_left&#8221; color=&#8221;custom&#8221; accent_color=&#8221;#075b54&#8243;][vc_column_text css=&#8221;&#8221;]\n<div id=\"jw_responsibility\" class=\"tC_n jwc\">\n<p>Du durchl\u00e4ufst die verschiedenen Abteilungen des Unternehmens wie den Vertrieb, den Einkauf und die Buchhaltung.<\/p>\n<ul>\n<li>Kundenanfragen und Auftr\u00e4ge bearbeiten<\/li>\n<li>Produktmanagement (Einkauf und Datenpflege)<\/li>\n<li>Allgemeine Aufgaben im Vertrieb\/Einkauf<\/li>\n<li>Organisation und Verwaltung<\/li>\n<\/ul>\n<\/div>\n[\/vc_column_text][\/vc_column][vc_column width=&#8221;1\/2&#8243;][vc_text_separator title=&#8221;Das bist du&#8221; title_align=&#8221;separator_align_left&#8221; align=&#8221;align_left&#8221; color=&#8221;custom&#8221; accent_color=&#8221;#075b54&#8243;][vc_column_text css=&#8221;&#8221;]\n<div>\n<p>Wir suchen Pers\u00f6nlichkeiten, die mit Engagement und Motivation an ihrer Entwicklung, ihrer beruflichen Fortbildung und unserem gemeinsamen Gesch\u00e4ftserfolg arbeiten wollen. Teamf\u00e4higkeit, Neugierde sowie ein offener Umgang mit Menschen nehmen einen wesentlichen Stellenwert ein.<\/p>\n<\/div>\n<div id=\"jw_qualification\" class=\"tC_n jwc\">\n<ul>\n<li>Abgeschlossenen Schulabschluss (Mittlere Reife oder Abitur)<\/li>\n<li>Verantwortungsbewusstsein<\/li>\n<li>Teamf\u00e4higkeit<\/li>\n<li>\u00dcberzeugungsf\u00e4higkeit und Einf\u00fchlungsverm\u00f6gen im Umgang mit Kunden<\/li>\n<\/ul>\n<\/div>\n[\/vc_column_text][\/vc_column][\/vc_row][vc_row full_width=&#8221;stretch_row&#8221;][vc_column][vc_text_separator title=&#8221;Wir bieten dir&#8221; title_align=&#8221;separator_align_left&#8221; align=&#8221;align_left&#8221; color=&#8221;custom&#8221; css=&#8221;&#8221; accent_color=&#8221;#075b54&#8243;][\/vc_column][\/vc_row][vc_row full_width=&#8221;stretch_row&#8221; css=&#8221;.vc_custom_1765459974877{background-color: #F2F2F25C !important;}&#8221;][vc_column width=&#8221;1\/5&#8243;][vc_single_image image=&#8221;12096&#8243; img_size=&#8221;50&#215;50&#8243; alignment=&#8221;center&#8221; css=&#8221;&#8221;][vc_column_text css=&#8221;&#8221;]\n<h3 style=\"text-align: center\">Halber Tag Urlaub geschenkt<br \/>\nam Geburtstag<\/h3>\n[\/vc_column_text][\/vc_column][vc_column width=&#8221;1\/5&#8243;][vc_single_image image=&#8221;12091&#8243; img_size=&#8221;50&#215;50&#8243; alignment=&#8221;center&#8221; css=&#8221;&#8221;][vc_column_text css=&#8221;&#8221;]\n<h3 style=\"text-align: center\">Freitags um<br \/>\n12 Uhr Feierabend<\/h3>\n[\/vc_column_text][\/vc_column][vc_column width=&#8221;1\/5&#8243;][vc_single_image image=&#8221;12095&#8243; img_size=&#8221;50&#215;50&#8243; alignment=&#8221;center&#8221; css=&#8221;&#8221;][vc_column_text css=&#8221;&#8221;]\n<h3 style=\"text-align: center\">Wellpass<br \/>\nFirmenfitness<\/h3>\n[\/vc_column_text][\/vc_column][vc_column width=&#8221;1\/5&#8243;][vc_single_image image=&#8221;12088&#8243; img_size=&#8221;50&#215;50&#8243; alignment=&#8221;center&#8221; css=&#8221;&#8221;][vc_column_text css=&#8221;&#8221;]\n<h3 style=\"text-align: center\">Zahlreiche<br \/>\nWeiterbildungs-<br \/>\nm\u00f6glichkeiten<\/h3>\n[\/vc_column_text][\/vc_column][vc_column width=&#8221;1\/5&#8243;][vc_single_image image=&#8221;12089&#8243; img_size=&#8221;50&#215;50&#8243; alignment=&#8221;center&#8221; css=&#8221;&#8221;][vc_column_text css=&#8221;&#8221;]\n<h3 style=\"text-align: center\">Flexible<br \/>\nArbeitszeiten<\/h3>\n[\/vc_column_text][\/vc_column][\/vc_row][vc_row full_width=&#8221;stretch_row&#8221; css=&#8221;.vc_custom_1765459983145{background-color: #F2F2F25C !important;}&#8221;][vc_column width=&#8221;1\/5&#8243;][vc_single_image image=&#8221;12097&#8243; img_size=&#8221;50&#215;50&#8243; alignment=&#8221;center&#8221; css=&#8221;&#8221;][vc_column_text css=&#8221;&#8221;]\n<h3 style=\"text-align: center\">Kostenlose<br \/>\nGetr\u00e4nke<\/h3>\n[\/vc_column_text][\/vc_column][vc_column width=&#8221;1\/5&#8243;][vc_single_image image=&#8221;12086&#8243; img_size=&#8221;50&#215;50&#8243; add_caption=&#8221;yes&#8221; alignment=&#8221;center&#8221; css=&#8221;&#8221;][vc_column_text css=&#8221;&#8221;]\n<h3 style=\"text-align: center\">Zuschuss<br \/>\nzum Mittagessen<\/h3>\n[\/vc_column_text][\/vc_column][vc_column width=&#8221;1\/5&#8243;][vc_single_image image=&#8221;12087&#8243; img_size=&#8221;50&#215;50&#8243; alignment=&#8221;center&#8221; css=&#8221;&#8221;][vc_column_text css=&#8221;&#8221;]\n<h3 style=\"text-align: center\">Personalrabatt<br \/>\nauf unsere Produkte<\/h3>\n[\/vc_column_text][\/vc_column][vc_column width=&#8221;1\/5&#8243;][vc_single_image image=&#8221;12208&#8243; img_size=&#8221;50&#215;50&#8243; alignment=&#8221;center&#8221; css=&#8221;&#8221;][vc_column_text css=&#8221;&#8221;]\n<h3 style=\"text-align: center\">Regelm\u00e4\u00dfige<br \/>\nFirmenevents<\/h3>\n[\/vc_column_text][\/vc_column][vc_column width=&#8221;1\/5&#8243;][vc_single_image image=&#8221;12207&#8243; img_size=&#8221;50&#215;50&#8243; alignment=&#8221;center&#8221; css=&#8221;&#8221;][vc_column_text css=&#8221;&#8221;]\n<h3 style=\"text-align: center\">Verm\u00f6genswirksame<br \/>\nLeistungen<\/h3>\n[\/vc_column_text][\/vc_column][\/vc_row][vc_row][vc_column][vc_text_separator title=&#8221;Deine Ansprechpartnerin&#8221; title_align=&#8221;separator_align_left&#8221; align=&#8221;align_left&#8221; color=&#8221;custom&#8221; css=&#8221;&#8221; accent_color=&#8221;#075b54&#8243;][\/vc_column][\/vc_row][vc_row][vc_column width=&#8221;1\/2&#8243;][vc_column_text css=&#8221;&#8221;]<strong>Anna-Maria Robben<br \/>\n<\/strong>Personal<\/p>\n<p>Telefon: +49 (0) 59 36\/93 63-801<br \/>\nE-Mail: <a href=\"mailto:robben@noegel.de\">robben@noegel.de<\/a><\/p>\n<p>&nbsp;<\/p>\n<p>&nbsp;<\/p>\n[\/vc_column_text][\/vc_column][vc_column width=&#8221;1\/2&#8243;][vc_single_image image=&#8221;12215&#8243; img_size=&#8221;large&#8221; css=&#8221;&#8221;][\/vc_column][\/vc_row][vc_row][vc_column width=&#8221;1\/2&#8243;][vc_single_image image=&#8221;12234&#8243; img_size=&#8221;large&#8221; css=&#8221;&#8221;][\/vc_column][vc_column width=&#8221;1\/2&#8243;][\/vc_column][\/vc_row]\n<\/div>","protected":false},"author":11,"featured_media":12400,"template":"","meta":{"_promoted":"0","_job_location":"49767 Twist","_application":"karriere@noegel.de","_company_name":"","_company_website":"","_company_tagline":"","_company_twitter":"","_company_video":"","_filled":0,"_featured":0,"_remote_position":0,"_job_salary":"","_job_salary_currency":"","_job_salary_unit":""},"job-categories":[219],"job-types":[65],"class_list":{"0":"post-11226","1":"job_listing","2":"type-job_listing","3":"status-publish","4":"has-post-thumbnail","5":"hentry","7":"job-type-ausbildung"},"translation":{"provider":"WPGlobus","version":"3.0.2","language":"en","enabled_languages":["de","nl","en"],"languages":{"de":{"title":true,"content":true,"excerpt":false},"nl":{"title":false,"content":false,"excerpt":false},"en":{"title":false,"content":false,"excerpt":false}}},"yoast_head":"<!-- This site is optimized with the Yoast SEO plugin v27.5 - https:\/\/yoast.com\/product\/yoast-seo-wordpress\/ -->\n<title>Ausbildung 2026: Kaufmann\/-frau f\u00fcr Gro\u00df- und Au\u00dfenhandelsmanagement - N\u00d6GEL Montagetechnik<\/title>\n<meta name=\"robots\" content=\"index, follow, max-snippet:-1, max-image-preview:large, max-video-preview:-1\" \/>\n<link rel=\"canonical\" href=\"https:\/\/www.noegel.de\/job\/ausbildung-2025-kaufmann-frau-fuer-gross-und-aussenhandelsmanagement\/\" \/>\n<meta property=\"og:locale\" content=\"en_US\" \/>\n<meta property=\"og:type\" content=\"article\" \/>\n<meta property=\"og:title\" content=\"Ausbildung 2026: Kaufmann\/-frau f\u00fcr Gro\u00df- und Au\u00dfenhandelsmanagement - N\u00d6GEL Montagetechnik\" \/>\n<meta property=\"og:url\" content=\"https:\/\/www.noegel.de\/job\/ausbildung-2025-kaufmann-frau-fuer-gross-und-aussenhandelsmanagement\/\" \/>\n<meta property=\"og:site_name\" content=\"N\u00d6GEL Montagetechnik\" \/>\n<meta property=\"article:publisher\" content=\"https:\/\/www.facebook.com\/noegel.montagetechnik\" \/>\n<meta property=\"og:image\" content=\"https:\/\/www.noegel.de\/wp-content\/uploads\/2026\/01\/Logo_Ausbildung_Grossaussenhandel.png\" \/>\n\t<meta property=\"og:image:width\" content=\"200\" \/>\n\t<meta property=\"og:image:height\" content=\"200\" \/>\n\t<meta property=\"og:image:type\" content=\"image\/png\" \/>\n<meta name=\"twitter:card\" content=\"summary_large_image\" \/>\n<meta name=\"twitter:label1\" content=\"Est. reading time\" \/>\n\t<meta name=\"twitter:data1\" content=\"5 minutes\" \/>\n<script type=\"application\/ld+json\" class=\"yoast-schema-graph\">{\"@context\":\"https:\\\/\\\/schema.org\",\"@graph\":[{\"@type\":\"WebPage\",\"@id\":\"https:\\\/\\\/www.noegel.de\\\/job\\\/ausbildung-2025-kaufmann-frau-fuer-gross-und-aussenhandelsmanagement\\\/\",\"url\":\"https:\\\/\\\/www.noegel.de\\\/job\\\/ausbildung-2025-kaufmann-frau-fuer-gross-und-aussenhandelsmanagement\\\/\",\"name\":\"Ausbildung 2026: Kaufmann\\\/-frau f\u00fcr Gro\u00df- und Au\u00dfenhandelsmanagement - N\u00d6GEL Montagetechnik\",\"isPartOf\":{\"@id\":\"https:\\\/\\\/www.noegel.de\\\/#website\"},\"primaryImageOfPage\":{\"@id\":\"https:\\\/\\\/www.noegel.de\\\/job\\\/ausbildung-2025-kaufmann-frau-fuer-gross-und-aussenhandelsmanagement\\\/#primaryimage\"},\"image\":{\"@id\":\"https:\\\/\\\/www.noegel.de\\\/job\\\/ausbildung-2025-kaufmann-frau-fuer-gross-und-aussenhandelsmanagement\\\/#primaryimage\"},\"thumbnailUrl\":\"https:\\\/\\\/www.noegel.de\\\/wp-content\\\/uploads\\\/2026\\\/01\\\/Logo_Ausbildung_Grossaussenhandel.png\",\"datePublished\":\"2026-04-27T06:00:02+00:00\",\"breadcrumb\":{\"@id\":\"https:\\\/\\\/www.noegel.de\\\/job\\\/ausbildung-2025-kaufmann-frau-fuer-gross-und-aussenhandelsmanagement\\\/#breadcrumb\"},\"inLanguage\":\"en-US\",\"potentialAction\":[{\"@type\":\"ReadAction\",\"target\":[\"https:\\\/\\\/www.noegel.de\\\/job\\\/ausbildung-2025-kaufmann-frau-fuer-gross-und-aussenhandelsmanagement\\\/\"]}]},{\"@type\":\"ImageObject\",\"inLanguage\":\"en-US\",\"@id\":\"https:\\\/\\\/www.noegel.de\\\/job\\\/ausbildung-2025-kaufmann-frau-fuer-gross-und-aussenhandelsmanagement\\\/#primaryimage\",\"url\":\"https:\\\/\\\/www.noegel.de\\\/wp-content\\\/uploads\\\/2026\\\/01\\\/Logo_Ausbildung_Grossaussenhandel.png\",\"contentUrl\":\"https:\\\/\\\/www.noegel.de\\\/wp-content\\\/uploads\\\/2026\\\/01\\\/Logo_Ausbildung_Grossaussenhandel.png\",\"width\":200,\"height\":200},{\"@type\":\"BreadcrumbList\",\"@id\":\"https:\\\/\\\/www.noegel.de\\\/job\\\/ausbildung-2025-kaufmann-frau-fuer-gross-und-aussenhandelsmanagement\\\/#breadcrumb\",\"itemListElement\":[{\"@type\":\"ListItem\",\"position\":1,\"name\":\"Startseite\",\"item\":\"https:\\\/\\\/www.noegel.de\\\/\"},{\"@type\":\"ListItem\",\"position\":2,\"name\":\"Ausbildung 2026: Kaufmann\\\/-frau f\u00fcr Gro\u00df- und Au\u00dfenhandelsmanagement\"}]},{\"@type\":\"WebSite\",\"@id\":\"https:\\\/\\\/www.noegel.de\\\/#website\",\"url\":\"https:\\\/\\\/www.noegel.de\\\/\",\"name\":\"N\u00d6GEL Montagetechnik\",\"description\":\"...die gute Verbindung\",\"potentialAction\":[{\"@type\":\"SearchAction\",\"target\":{\"@type\":\"EntryPoint\",\"urlTemplate\":\"https:\\\/\\\/www.noegel.de\\\/?s={search_term_string}\"},\"query-input\":{\"@type\":\"PropertyValueSpecification\",\"valueRequired\":true,\"valueName\":\"search_term_string\"}}],\"inLanguage\":\"en-US\"}]}<\/script>\n<!-- \/ Yoast SEO plugin. -->","yoast_head_json":{"title":"Ausbildung 2026: Kaufmann\/-frau f\u00fcr Gro\u00df- und Au\u00dfenhandelsmanagement - N\u00d6GEL Montagetechnik","robots":{"index":"index","follow":"follow","max-snippet":"max-snippet:-1","max-image-preview":"max-image-preview:large","max-video-preview":"max-video-preview:-1"},"canonical":"https:\/\/www.noegel.de\/job\/ausbildung-2025-kaufmann-frau-fuer-gross-und-aussenhandelsmanagement\/","og_locale":"en_US","og_type":"article","og_title":"Ausbildung 2026: Kaufmann\/-frau f\u00fcr Gro\u00df- und Au\u00dfenhandelsmanagement - N\u00d6GEL Montagetechnik","og_url":"https:\/\/www.noegel.de\/job\/ausbildung-2025-kaufmann-frau-fuer-gross-und-aussenhandelsmanagement\/","og_site_name":"N\u00d6GEL Montagetechnik","article_publisher":"https:\/\/www.facebook.com\/noegel.montagetechnik","og_image":[{"width":200,"height":200,"url":"https:\/\/www.noegel.de\/wp-content\/uploads\/2026\/01\/Logo_Ausbildung_Grossaussenhandel.png","type":"image\/png"}],"twitter_card":"summary_large_image","twitter_misc":{"Est. reading time":"5 minutes"},"schema":{"@context":"https:\/\/schema.org","@graph":[{"@type":"WebPage","@id":"https:\/\/www.noegel.de\/job\/ausbildung-2025-kaufmann-frau-fuer-gross-und-aussenhandelsmanagement\/","url":"https:\/\/www.noegel.de\/job\/ausbildung-2025-kaufmann-frau-fuer-gross-und-aussenhandelsmanagement\/","name":"Ausbildung 2026: Kaufmann\/-frau f\u00fcr Gro\u00df- und Au\u00dfenhandelsmanagement - N\u00d6GEL Montagetechnik","isPartOf":{"@id":"https:\/\/www.noegel.de\/#website"},"primaryImageOfPage":{"@id":"https:\/\/www.noegel.de\/job\/ausbildung-2025-kaufmann-frau-fuer-gross-und-aussenhandelsmanagement\/#primaryimage"},"image":{"@id":"https:\/\/www.noegel.de\/job\/ausbildung-2025-kaufmann-frau-fuer-gross-und-aussenhandelsmanagement\/#primaryimage"},"thumbnailUrl":"https:\/\/www.noegel.de\/wp-content\/uploads\/2026\/01\/Logo_Ausbildung_Grossaussenhandel.png","datePublished":"2026-04-27T06:00:02+00:00","breadcrumb":{"@id":"https:\/\/www.noegel.de\/job\/ausbildung-2025-kaufmann-frau-fuer-gross-und-aussenhandelsmanagement\/#breadcrumb"},"inLanguage":"en-US","potentialAction":[{"@type":"ReadAction","target":["https:\/\/www.noegel.de\/job\/ausbildung-2025-kaufmann-frau-fuer-gross-und-aussenhandelsmanagement\/"]}]},{"@type":"ImageObject","inLanguage":"en-US","@id":"https:\/\/www.noegel.de\/job\/ausbildung-2025-kaufmann-frau-fuer-gross-und-aussenhandelsmanagement\/#primaryimage","url":"https:\/\/www.noegel.de\/wp-content\/uploads\/2026\/01\/Logo_Ausbildung_Grossaussenhandel.png","contentUrl":"https:\/\/www.noegel.de\/wp-content\/uploads\/2026\/01\/Logo_Ausbildung_Grossaussenhandel.png","width":200,"height":200},{"@type":"BreadcrumbList","@id":"https:\/\/www.noegel.de\/job\/ausbildung-2025-kaufmann-frau-fuer-gross-und-aussenhandelsmanagement\/#breadcrumb","itemListElement":[{"@type":"ListItem","position":1,"name":"Startseite","item":"https:\/\/www.noegel.de\/"},{"@type":"ListItem","position":2,"name":"Ausbildung 2026: Kaufmann\/-frau f\u00fcr Gro\u00df- und Au\u00dfenhandelsmanagement"}]},{"@type":"WebSite","@id":"https:\/\/www.noegel.de\/#website","url":"https:\/\/www.noegel.de\/","name":"N\u00d6GEL Montagetechnik","description":"...die gute Verbindung","potentialAction":[{"@type":"SearchAction","target":{"@type":"EntryPoint","urlTemplate":"https:\/\/www.noegel.de\/?s={search_term_string}"},"query-input":{"@type":"PropertyValueSpecification","valueRequired":true,"valueName":"search_term_string"}}],"inLanguage":"en-US"}]}},"_links":{"self":[{"href":"https:\/\/www.noegel.de\/en\/wp-json\/wp\/v2\/job-listings\/11226","targetHints":{"allow":["GET"]}}],"collection":[{"href":"https:\/\/www.noegel.de\/en\/wp-json\/wp\/v2\/job-listings"}],"about":[{"href":"https:\/\/www.noegel.de\/en\/wp-json\/wp\/v2\/types\/job_listing"}],"author":[{"embeddable":true,"href":"https:\/\/www.noegel.de\/en\/wp-json\/wp\/v2\/users\/11"}],"wp:featuredmedia":[{"embeddable":true,"href":"https:\/\/www.noegel.de\/en\/wp-json\/wp\/v2\/media\/12400"}],"wp:attachment":[{"href":"https:\/\/www.noegel.de\/en\/wp-json\/wp\/v2\/media?parent=11226"}],"wp:term":[{"taxonomy":"job_listing_category","embeddable":true,"href":"https:\/\/www.noegel.de\/en\/wp-json\/wp\/v2\/job-categories?post=11226"},{"taxonomy":"job_listing_type","embeddable":true,"href":"https:\/\/www.noegel.de\/en\/wp-json\/wp\/v2\/job-types?post=11226"}],"curies":[{"name":"wp","href":"https:\/\/api.w.org\/{rel}","templated":true}]}}