{"id":1665,"date":"2017-02-03T12:39:19","date_gmt":"2017-02-03T11:39:19","guid":{"rendered":"http:\/\/noegel.de\/?page_id=1665\/"},"modified":"2026-01-15T16:24:04","modified_gmt":"2026-01-15T15:24:04","slug":"arbeiten-bei-noegel","status":"publish","type":"page","link":"https:\/\/www.noegel.de\/en\/arbeiten-bei-noegel\/","title":{"rendered":"Arbeiten bei N\u00d6GEL"},"content":{"rendered":"<div class=\"wpb-content-wrapper\">[vc_row][vc_column]<h1 class='heading-left  divider-sm' ><span>Gute Mitarbeiter sind das Fundament unseres Erfolgs.<\/span><\/h1>[vc_column_text]<strong>Deshalb liegt es uns auch besonders am Herzen, dass Sie sich als \u201eN\u00f6gelaner\u201c wohlf\u00fchlen.<\/strong><\/p>\n<p>Vom ersten Tag an werden Sie von einem erfahrenen Mitarbeiter sorgf\u00e4ltig angelernt und mit den Betriebsabl\u00e4ufen vertraut gemacht. Individuelle Schulungen und Ihre stetige Weiterbildung sind f\u00fcr uns eine Selbstverst\u00e4ndlichkeit. Als Mitarbeiter im Innendienst kommen Sie in den Genuss von kostenlosem Mineralwasser und Kaffee bzw. Tee. Ihre Mittagspause k\u00f6nnen Sie in der betriebseigenen Kantine verbringen. Dort bieten wir jeden Mittag frische, leckere Gerichte an.<\/p>\n<p>Selbstverst\u00e4ndlich erhalten Sie Sozialleistungen wie verm\u00f6genswirksame Leistungen und Aufmerksamkeiten zu Geburtstagen und Jubil\u00e4en etc.<br \/>\nSie m\u00f6chten sich sportlich bet\u00e4tigen? Super! Das h\u00e4lt Sie fit und gesund und wird nat\u00fcrlich gerne von uns unterst\u00fctzt! Sie k\u00f6nnen in ausgew\u00e4hlten Studios in Ihrer Umgebung zu Vorzugskonditionen trainieren.<\/p>\n<p>Betriebsfeste, Kostenbeteiligung bei Abteilungsaktivit\u00e4ten und unser sch\u00f6n angelegtes Betriebsgel\u00e4nde mit See runden den Wohlf\u00fchlcharakter im Arbeitsalltag ab.[\/vc_column_text][\/vc_column][\/vc_row][vc_row][vc_column][vc_text_separator title=&#8221;Wir bieten Ihnen&#8221; color=&#8221;custom&#8221; accent_color=&#8221;#005b53&#8243;][\/vc_column][\/vc_row][vc_row][vc_column width=&#8221;1\/3&#8243;]<div class='icon icon-center'><div class='icon-header'><div class='icon-media' data-style='width: 30px;' style='font-size: 30px;'><i class='fa fas fa-history'><\/i><\/div><h3 class='icon-title text-uppercase'>Flexible Arbeitszeit<\/h3><\/div><p>Gleitzeitmodell<\/p><\/div>[\/vc_column][vc_column width=&#8221;1\/3&#8243;]<div class='icon icon-center'><div class='icon-header'><div class='icon-media' data-style='width: 30px;' style='font-size: 30px;'><i class='fa fas fa-euro-sign'><\/i><\/div><h3 class='icon-title text-uppercase'>Attraktives Gehalt<\/h3><\/div><p>Wir bieten Ihnen im Innen- und Au\u00dfendienst attraktive Gehaltsmodelle<\/p><\/div>[\/vc_column][vc_column width=&#8221;1\/3&#8243;]<div class='icon icon-center'><div class='icon-header'><div class='icon-media' data-style='width: 30px;' style='font-size: 30px;'><i class='fa far fa-grin-alt'><\/i><\/div><h3 class='icon-title text-uppercase'>Tolles Betriebsklima<\/h3><\/div><p>mit netten Kollegen in einem tollen Team<\/p><\/div>[\/vc_column][\/vc_row][vc_row][vc_column][vc_empty_space][\/vc_column][\/vc_row][vc_row full_width=&#8221;stretch_row&#8221; css=&#8221;.vc_custom_1490091447624{background-color: #fafafa !important;}&#8221;][vc_column width=&#8221;1\/3&#8243;]<div class='icon icon-center'><div class='icon-header'><div class='icon-media' data-style='width: 30px;' style='font-size: 30px;'><i class='fa fas fa-child'><\/i><\/div><h3 class='icon-title text-uppercase'>Familienfreundlichkeit<\/h3><\/div><p>Wir legen Wert auf Vereinbarkeit von Beruf und Familie, denn die Kinder sind die Zukunft f\u00fcr uns alle.<\/p><\/div>[\/vc_column][vc_column width=&#8221;1\/3&#8243;]<div class='icon icon-center'><div class='icon-header'><div class='icon-media' data-style='width: 30px;' style='font-size: 30px;'><i class='fa fas fa-thumbs-up'><\/i><\/div><h3 class='icon-title text-uppercase'>Sozialleistungen<\/h3><\/div><p>Wir bieten Ihnen verm\u00f6genswirksame Leistungen<\/p><\/div>[\/vc_column][vc_column width=&#8221;1\/3&#8243;]<div class='icon icon-center'><div class='icon-header'><div class='icon-media' data-style='width: 30px;' style='font-size: 30px;'><i class='fa fas fa-graduation-cap'><\/i><\/div><h3 class='icon-title text-uppercase'>Weiterbildung<\/h3><\/div><p>Ihre Weiterbildung in Form von internen und externen Schulungen ist uns sehr wichtig. In vielen Bereichen haben wir aufgrund von Fortbildungen Experten ausgebildet und weiter gef\u00f6rdert.<\/p><\/div>[\/vc_column][\/vc_row][vc_row][vc_column][vc_empty_space][\/vc_column][\/vc_row][vc_row][vc_column width=&#8221;1\/3&#8243;]<div class='icon icon-center'><div class='icon-header'><div class='icon-media' data-style='width: 30px;' style='font-size: 30px;'><i class='fa fas fa-mug-hot'><\/i><\/div><h3 class='icon-title text-uppercase'>Getr\u00e4nke<\/h3><\/div><p>Wir stellen Ihnen kostenloses Mineralwasser und Kaffee\/Tee zur Verf\u00fcgung. So viel Sie wollen!<\/p><\/div>[\/vc_column][vc_column width=&#8221;1\/3&#8243;]<div class='icon icon-center'><div class='icon-header'><div class='icon-media' data-style='width: 30px;' style='font-size: 30px;'><i class='fa fas fa-wifi'><\/i><\/div><h3 class='icon-title text-uppercase'>Free WIFI<\/h3><\/div><p>Allen Mitarbeitern steht kostenloses WLAN zur Verf\u00fcgung<\/p><\/div>[\/vc_column][vc_column width=&#8221;1\/3&#8243;]<div class='icon icon-center'><div class='icon-header'><div class='icon-media' data-style='width: 30px;' style='font-size: 30px;'><i class='fa fas fa-tree'><\/i><\/div><h3 class='icon-title text-uppercase'>Freundliche Au\u00dfenanlagen<\/h3><\/div><p>In der Mittagspause k\u00f6nnen Sie z.B. an unserem See abschalten<\/p><\/div>[\/vc_column][\/vc_row][vc_row][vc_column][vc_empty_space][\/vc_column][\/vc_row][vc_row full_width=&#8221;stretch_row&#8221; css=&#8221;.vc_custom_1489043728583{background-color: #fafafa !important;}&#8221;][vc_column width=&#8221;1\/3&#8243;]<div class='icon icon-center'><div class='icon-header'><div class='icon-media' data-style='width: 30px;' style='font-size: 30px;'><i class='fa fas fa-heartbeat'><\/i><\/div><h3 class='icon-title text-uppercase'>Firmenfitness<\/h3><\/div><p>Wir bezuschussen Ihre Mitgliedschaft in ausgew\u00e4hlten Fitnessstudios, Schwimmb\u00e4dern und anderen Bereichen.<\/p><\/div>[\/vc_column][vc_column width=&#8221;1\/3&#8243;]<div class='icon icon-center'><div class='icon-header'><div class='icon-media' data-style='width: 30px;' style='font-size: 30px;'><i class='fa fas fa-thumbs-up'><\/i><\/div><h3 class='icon-title text-uppercase'>Betriebsfeste<\/h3><\/div><p>In regelm\u00e4\u00dfigen Abst\u00e4nden finden Firmenfeste statt.<\/p><\/div>[\/vc_column][vc_column width=&#8221;1\/3&#8243;]<div class='icon icon-center'><div class='icon-header'><div class='icon-media' data-style='width: 30px;' style='font-size: 30px;'><i class='fa fas fa-thumbs-up'><\/i><\/div><h3 class='icon-title text-uppercase'>Aktivit\u00e4ten in der Abteilung<\/h3><\/div><p>Au\u00dferbetriebliche Aktivit\u00e4ten mit der Abteilung werden von uns bezuschusst.<\/p><\/div>[\/vc_column][\/vc_row][vc_row][vc_column][vc_empty_space][\/vc_column][\/vc_row][vc_row][vc_column width=&#8221;1\/3&#8243;]<div class='icon icon-center'><div class='icon-header'><div class='icon-media' data-style='width: 30px;' style='font-size: 30px;'><i class='fa fas fa-percent'><\/i><\/div><h3 class='icon-title text-uppercase'>Personalrabatt<\/h3><\/div><p>Als Mitarbeiter erhalten Sie gro\u00dfz\u00fcgigen Rabatt auf das gesamte Produktsortiment<\/p><\/div>[\/vc_column][vc_column width=&#8221;1\/3&#8243;]<div class='icon icon-center'><div class='icon-header'><div class='icon-media' data-style='width: 30px;' style='font-size: 30px;'><i class='fa fas fa-gift'><\/i><\/div><h3 class='icon-title text-uppercase'>Aufmerksamkeiten<\/h3><\/div><p>Zu Jubil\u00e4en gibt es kleine Geschenke zu Ihrem Ehrentag.<\/p><\/div>[\/vc_column][vc_column width=&#8221;1\/3&#8243;]<div class='icon icon-center'><div class='icon-header'><div class='icon-media' data-style='width: 30px;' style='font-size: 30px;'><i class='fa fas fa-snowman'><\/i><\/div><h3 class='icon-title text-uppercase'>Betriebsurlaub<\/h3><\/div><p>Zum Jahreswechsel haben wir grunds\u00e4tzlich Betriebsurlaub damit Sie Zeit haben das Jahr in Ruhe ausklingen zu lassen.<\/p><\/div>[\/vc_column][\/vc_row][vc_row][vc_column][vc_empty_space][\/vc_column][\/vc_row][vc_row full_width=&#8221;stretch_row_content_no_spaces&#8221;][vc_column][vc_single_image image=&#8221;1861&#8243; img_size=&#8221;full&#8221; alignment=&#8221;center&#8221;][\/vc_column][\/vc_row]\n<\/div>","protected":false},"excerpt":{"rendered":"<p>[vc_row][vc_column][vc_column_text]Deshalb liegt es uns auch besonders am Herzen, dass Sie sich als \u201eN\u00f6gelaner\u201c wohlf\u00fchlen. Vom ersten Tag an werden Sie von einem erfahrenen Mitarbeiter sorgf\u00e4ltig angelernt und mit den Betriebsabl\u00e4ufen vertraut gemacht. Individuelle Schulungen und Ihre stetige Weiterbildung sind f\u00fcr &hellip;<\/p>\n","protected":false},"author":1,"featured_media":0,"parent":0,"menu_order":0,"comment_status":"closed","ping_status":"closed","template":"","meta":{"footnotes":""},"class_list":["post-1665","page","type-page","status-publish","hentry"],"translation":{"provider":"WPGlobus","version":"3.0.2","language":"en","enabled_languages":["de","nl","en"],"languages":{"de":{"title":true,"content":true,"excerpt":false},"nl":{"title":true,"content":true,"excerpt":false},"en":{"title":false,"content":false,"excerpt":false}}},"yoast_head":"<!-- This site is optimized with the Yoast SEO plugin v27.5 - https:\/\/yoast.com\/product\/yoast-seo-wordpress\/ -->\n<title>- N\u00d6GEL Montagetechnik<\/title>\n<meta name=\"robots\" content=\"index, follow, max-snippet:-1, max-image-preview:large, max-video-preview:-1\" \/>\n<link rel=\"canonical\" href=\"https:\/\/www.noegel.de\/arbeiten-bei-noegel\/\" \/>\n<meta property=\"og:locale\" content=\"en_US\" \/>\n<meta property=\"og:type\" content=\"article\" \/>\n<meta property=\"og:title\" content=\"- N\u00d6GEL Montagetechnik\" \/>\n<meta property=\"og:url\" content=\"https:\/\/www.noegel.de\/arbeiten-bei-noegel\/\" \/>\n<meta property=\"og:site_name\" content=\"N\u00d6GEL Montagetechnik\" \/>\n<meta property=\"article:publisher\" content=\"https:\/\/www.facebook.com\/noegel.montagetechnik\" \/>\n<meta property=\"article:modified_time\" content=\"2026-01-15T15:24:04+00:00\" \/>\n<meta name=\"twitter:card\" content=\"summary_large_image\" \/>\n<meta name=\"twitter:label1\" content=\"Est. reading time\" \/>\n\t<meta name=\"twitter:data1\" content=\"3 minutes\" \/>\n<script type=\"application\/ld+json\" class=\"yoast-schema-graph\">{\"@context\":\"https:\\\/\\\/schema.org\",\"@graph\":[{\"@type\":\"WebPage\",\"@id\":\"https:\\\/\\\/www.noegel.de\\\/arbeiten-bei-noegel\\\/\",\"url\":\"https:\\\/\\\/www.noegel.de\\\/arbeiten-bei-noegel\\\/\",\"name\":\"- N\u00d6GEL Montagetechnik\",\"isPartOf\":{\"@id\":\"https:\\\/\\\/www.noegel.de\\\/#website\"},\"datePublished\":\"2017-02-03T11:39:19+00:00\",\"dateModified\":\"2026-01-15T15:24:04+00:00\",\"breadcrumb\":{\"@id\":\"https:\\\/\\\/www.noegel.de\\\/arbeiten-bei-noegel\\\/#breadcrumb\"},\"inLanguage\":\"en-US\",\"potentialAction\":[{\"@type\":\"ReadAction\",\"target\":[\"https:\\\/\\\/www.noegel.de\\\/arbeiten-bei-noegel\\\/\"]}]},{\"@type\":\"BreadcrumbList\",\"@id\":\"https:\\\/\\\/www.noegel.de\\\/arbeiten-bei-noegel\\\/#breadcrumb\",\"itemListElement\":[{\"@type\":\"ListItem\",\"position\":1,\"name\":\"Startseite\",\"item\":\"https:\\\/\\\/www.noegel.de\\\/\"},{\"@type\":\"ListItem\",\"position\":2,\"name\":\"Arbeiten bei N\u00d6GEL\"}]},{\"@type\":\"WebSite\",\"@id\":\"https:\\\/\\\/www.noegel.de\\\/#website\",\"url\":\"https:\\\/\\\/www.noegel.de\\\/\",\"name\":\"N\u00d6GEL Montagetechnik\",\"description\":\"...die gute Verbindung\",\"potentialAction\":[{\"@type\":\"SearchAction\",\"target\":{\"@type\":\"EntryPoint\",\"urlTemplate\":\"https:\\\/\\\/www.noegel.de\\\/?s={search_term_string}\"},\"query-input\":{\"@type\":\"PropertyValueSpecification\",\"valueRequired\":true,\"valueName\":\"search_term_string\"}}],\"inLanguage\":\"en-US\"}]}<\/script>\n<!-- \/ Yoast SEO plugin. -->","yoast_head_json":{"title":"- N\u00d6GEL Montagetechnik","robots":{"index":"index","follow":"follow","max-snippet":"max-snippet:-1","max-image-preview":"max-image-preview:large","max-video-preview":"max-video-preview:-1"},"canonical":"https:\/\/www.noegel.de\/arbeiten-bei-noegel\/","og_locale":"en_US","og_type":"article","og_title":"- N\u00d6GEL Montagetechnik","og_url":"https:\/\/www.noegel.de\/arbeiten-bei-noegel\/","og_site_name":"N\u00d6GEL Montagetechnik","article_publisher":"https:\/\/www.facebook.com\/noegel.montagetechnik","article_modified_time":"2026-01-15T15:24:04+00:00","twitter_card":"summary_large_image","twitter_misc":{"Est. reading time":"3 minutes"},"schema":{"@context":"https:\/\/schema.org","@graph":[{"@type":"WebPage","@id":"https:\/\/www.noegel.de\/arbeiten-bei-noegel\/","url":"https:\/\/www.noegel.de\/arbeiten-bei-noegel\/","name":"- N\u00d6GEL Montagetechnik","isPartOf":{"@id":"https:\/\/www.noegel.de\/#website"},"datePublished":"2017-02-03T11:39:19+00:00","dateModified":"2026-01-15T15:24:04+00:00","breadcrumb":{"@id":"https:\/\/www.noegel.de\/arbeiten-bei-noegel\/#breadcrumb"},"inLanguage":"en-US","potentialAction":[{"@type":"ReadAction","target":["https:\/\/www.noegel.de\/arbeiten-bei-noegel\/"]}]},{"@type":"BreadcrumbList","@id":"https:\/\/www.noegel.de\/arbeiten-bei-noegel\/#breadcrumb","itemListElement":[{"@type":"ListItem","position":1,"name":"Startseite","item":"https:\/\/www.noegel.de\/"},{"@type":"ListItem","position":2,"name":"Arbeiten bei N\u00d6GEL"}]},{"@type":"WebSite","@id":"https:\/\/www.noegel.de\/#website","url":"https:\/\/www.noegel.de\/","name":"N\u00d6GEL Montagetechnik","description":"...die gute Verbindung","potentialAction":[{"@type":"SearchAction","target":{"@type":"EntryPoint","urlTemplate":"https:\/\/www.noegel.de\/?s={search_term_string}"},"query-input":{"@type":"PropertyValueSpecification","valueRequired":true,"valueName":"search_term_string"}}],"inLanguage":"en-US"}]}},"_links":{"self":[{"href":"https:\/\/www.noegel.de\/en\/wp-json\/wp\/v2\/pages\/1665","targetHints":{"allow":["GET"]}}],"collection":[{"href":"https:\/\/www.noegel.de\/en\/wp-json\/wp\/v2\/pages"}],"about":[{"href":"https:\/\/www.noegel.de\/en\/wp-json\/wp\/v2\/types\/page"}],"author":[{"embeddable":true,"href":"https:\/\/www.noegel.de\/en\/wp-json\/wp\/v2\/users\/1"}],"replies":[{"embeddable":true,"href":"https:\/\/www.noegel.de\/en\/wp-json\/wp\/v2\/comments?post=1665"}],"version-history":[{"count":10,"href":"https:\/\/www.noegel.de\/en\/wp-json\/wp\/v2\/pages\/1665\/revisions"}],"predecessor-version":[{"id":12454,"href":"https:\/\/www.noegel.de\/en\/wp-json\/wp\/v2\/pages\/1665\/revisions\/12454"}],"wp:attachment":[{"href":"https:\/\/www.noegel.de\/en\/wp-json\/wp\/v2\/media?parent=1665"}],"curies":[{"name":"wp","href":"https:\/\/api.w.org\/{rel}","templated":true}]}}